{"id":53352,"date":"2026-08-21T10:26:12","date_gmt":"2026-08-21T08:26:12","guid":{"rendered":"https:\/\/amanos.shop\/?post_type=product&#038;p=53352"},"modified":"2026-08-21T10:26:12","modified_gmt":"2026-08-21T08:26:12","slug":"rechteckiges-deckenbanner-inkl-system-2438-x-2438-x-1067-cm-individueller-einseitiger-druck","status":"publish","type":"product","link":"https:\/\/amanos.shop\/de\/produkt\/rechteckiges-deckenbanner-inkl-system-2438-x-2438-x-1067-cm-individueller-einseitiger-druck\/","title":{"rendered":"Rechteckiges Deckenbanner inkl. System 243,8 \u00d7 243,8 \u00d7 106,7 cm \u2013 individueller einseitiger Druck"},"content":{"rendered":"<h2>Rechteckiges Deckenbanner inkl. System 243,8 \u00d7 243,8 \u00d7 106,7 cm \u2013 individueller einseitiger Druck<\/h2>\n<p>Individuelles Werbedisplay f\u00fcr Messen, Gesch\u00e4fte und Veranstaltungen, nach Ihrem Motiv bedruckt und f\u00fcr eine aufmerksamkeitsstarke Pr\u00e4sentation im Raum konzipiert.<\/p>\n<h3>Vorteile<\/h3>\n<ul>\n<li>Format: 243,8 \u00d7 243,8 \u00d7 106,7 cm.<\/li>\n<li>Material: Knitterfreies Gewebe 230 g\/m\u00b2 \u2013 schwer entflammbar B1.<\/li>\n<li>Druckverfahren bei Amanos: DTF.<\/li>\n<\/ul>\n<h3>Personalisierung und Bestellung<\/h3>\n<p>W\u00e4hlen Sie die Motivverteilung, sofern sie f\u00fcr dieses Modell verf\u00fcgbar ist, und laden Sie anschlie\u00dfend Ihre Datei hoch oder nutzen Sie die Designservices von Amanos. Der angezeigte Preis gilt pro St\u00fcck.<\/p>\n","protected":false},"excerpt":{"rendered":"<p>Rechteckiges Deckenbanner inkl. System 243,8 \u00d7 243,8 \u00d7 106,7 cm zur Pr\u00e4sentation Ihrer Werbebotschaft auf Messen, in Gesch\u00e4ften und bei Veranstaltungen. Druckverfahren bei Amanos: DTF.<\/p>\n","protected":false},"featured_media":0,"comment_status":"open","ping_status":"closed","template":"","meta":{"nf_dc_page":""},"product_brand":[],"product_cat":[3656],"product_tag":[3707,3657,3660,3724,3727],"class_list":["post-53352","product","type-product","status-publish","product_cat-roll-ups-werbedisplays","product_tag-events","product_tag-individueller-druck","product_tag-messen","product_tag-verkaufsstellen","product_tag-werbedisplay","first","instock","taxable","shipping-taxable","purchasable","product-type-variable","has-default-attributes","add-to-wishlist-before_image"],"_links":{"self":[{"href":"https:\/\/amanos.shop\/de\/wp-json\/wp\/v2\/product\/53352","targetHints":{"allow":["GET"]}}],"collection":[{"href":"https:\/\/amanos.shop\/de\/wp-json\/wp\/v2\/product"}],"about":[{"href":"https:\/\/amanos.shop\/de\/wp-json\/wp\/v2\/types\/product"}],"replies":[{"embeddable":true,"href":"https:\/\/amanos.shop\/de\/wp-json\/wp\/v2\/comments?post=53352"}],"wp:attachment":[{"href":"https:\/\/amanos.shop\/de\/wp-json\/wp\/v2\/media?parent=53352"}],"wp:term":[{"taxonomy":"product_brand","embeddable":true,"href":"https:\/\/amanos.shop\/de\/wp-json\/wp\/v2\/product_brand?post=53352"},{"taxonomy":"product_cat","embeddable":true,"href":"https:\/\/amanos.shop\/de\/wp-json\/wp\/v2\/product_cat?post=53352"},{"taxonomy":"product_tag","embeddable":true,"href":"https:\/\/amanos.shop\/de\/wp-json\/wp\/v2\/product_tag?post=53352"}],"curies":[{"name":"wp","href":"https:\/\/api.w.org\/{rel}","templated":true}]}}